{"id":80,"date":"2026-03-05T17:22:38","date_gmt":"2026-03-05T17:22:38","guid":{"rendered":"http:\/\/sv-eberfing.de\/wordpress\/?page_id=80"},"modified":"2026-03-05T17:22:48","modified_gmt":"2026-03-05T17:22:48","slug":"vorstandschaft","status":"publish","type":"page","link":"https:\/\/sv-eberfing.de\/wordpress\/vorstandschaft\/","title":{"rendered":"Vorstandschaft:"},"content":{"rendered":"\n<div class=\"wp-block-group is-content-justification-left is-nowrap is-layout-flex wp-container-core-group-is-layout-a53fcdfd wp-block-group-is-layout-flex\" style=\"padding-top:0;padding-bottom:0\">\n<figure class=\"wp-block-table aligncenter is-style-stripes\"><table class=\"has-black-color has-white-background-color has-text-color has-background\"><tbody><tr><td class=\"has-text-align-left\" data-align=\"left\">1. Vorstand<\/td><td class=\"has-text-align-left\" data-align=\"left\">Thomas Dittmann<\/td><td class=\"has-text-align-left\" data-align=\"left\"><a href=\"https:\/\/\">vorstand@sv-eberfing.de<\/a><\/td><\/tr><tr><td class=\"has-text-align-left\" data-align=\"left\">2. Vorstand<\/td><td class=\"has-text-align-left\" data-align=\"left\">Michael Wopperer<\/td><td class=\"has-text-align-left\" data-align=\"left\"><\/td><\/tr><tr><td class=\"has-text-align-left\" data-align=\"left\">1. Schriftf\u00fchrer<\/td><td class=\"has-text-align-left\" data-align=\"left\">Franz Schwarz<\/td><td class=\"has-text-align-left\" data-align=\"left\"><a href=\"https:\/\/\">office@sv-eberfing.de<\/a><\/td><\/tr><tr><td class=\"has-text-align-left\" data-align=\"left\">2. Schriftf\u00fchrer<\/td><td class=\"has-text-align-left\" data-align=\"left\">Michael Wei\u00df<\/td><td class=\"has-text-align-left\" data-align=\"left\"><\/td><\/tr><tr><td class=\"has-text-align-left\" data-align=\"left\">1. Kassier<\/td><td class=\"has-text-align-left\" data-align=\"left\">Werner Haas<\/td><td class=\"has-text-align-left\" data-align=\"left\"><a href=\"https:\/\/\" data-type=\"URL\" data-id=\"https:\/\/\">office@sv-eberfing.de<\/a><\/td><\/tr><tr><td class=\"has-text-align-left\" data-align=\"left\">2. Kassier<\/td><td class=\"has-text-align-left\" data-align=\"left\">Renate Plonner<\/td><td class=\"has-text-align-left\" data-align=\"left\"><\/td><\/tr><tr><td class=\"has-text-align-left\" data-align=\"left\">1. Jugendleiterin<\/td><td class=\"has-text-align-left\" data-align=\"left\">Verena Schwarz<\/td><td class=\"has-text-align-left\" data-align=\"left\"><a href=\"https:\/\/\">jugendleiter@sv-eberfing.de<\/a><\/td><\/tr><tr><td class=\"has-text-align-left\" data-align=\"left\">2. Jugendleiterin<\/td><td class=\"has-text-align-left\" data-align=\"left\">Rebekka Westenrieder<\/td><td class=\"has-text-align-left\" data-align=\"left\"><\/td><\/tr><tr><td class=\"has-text-align-left\" data-align=\"left\">1. Leiterin Turnabteilung<\/td><td class=\"has-text-align-left\" data-align=\"left\">Maria Kie\u00dfling<\/td><td class=\"has-text-align-left\" data-align=\"left\"><a href=\"https:\/\/\">gymnastik@sv-eberfing.de<\/a><\/td><\/tr><tr><td class=\"has-text-align-left\" data-align=\"left\">2. Leiterin Turnabteilung<\/td><td class=\"has-text-align-left\" data-align=\"left\">Alexandra Brunner<\/td><td class=\"has-text-align-left\" data-align=\"left\"><\/td><\/tr><tr><td class=\"has-text-align-left\" data-align=\"left\">1. Abteilungsleiter Fu\u00dfball<\/td><td class=\"has-text-align-left\" data-align=\"left\">Martin Plonner<\/td><td class=\"has-text-align-left\" data-align=\"left\"><a href=\"https:\/\/\">1-mannschaft@sv-eberfing.de<\/a><\/td><\/tr><tr><td class=\"has-text-align-left\" data-align=\"left\">2. Abteilungsleiter Fu\u00dfball <\/td><td class=\"has-text-align-left\" data-align=\"left\">Markus Schwarz<\/td><td class=\"has-text-align-left\" data-align=\"left\"><a href=\"https:\/\/\">2-mannschaft@sv-eberfing.de<\/a> <\/td><\/tr><tr><td class=\"has-text-align-left\" data-align=\"left\">3. Abteilungsleiter Fu\u00dfball <\/td><td class=\"has-text-align-left\" data-align=\"left\">Franz Nocker<\/td><td class=\"has-text-align-left\" data-align=\"left\"><\/td><\/tr><tr><td class=\"has-text-align-left\" data-align=\"left\">1. Jugendleiter Fu\u00dfball<\/td><td class=\"has-text-align-left\" data-align=\"left\">Martin Brunner<\/td><td class=\"has-text-align-left\" data-align=\"left\"><a href=\"https:\/\/mein.ionos.de\/email-account-details\/mailbox\/137125885\">jugendkoordinator@sv-eberfing.de<\/a><\/td><\/tr><tr><td class=\"has-text-align-left\" data-align=\"left\">2. Jugendleiter Fu\u00dfball <\/td><td class=\"has-text-align-left\" data-align=\"left\">G\u00fcnter Kie\u00dfling<\/td><td class=\"has-text-align-left\" data-align=\"left\"><\/td><\/tr><tr><td class=\"has-text-align-left\" data-align=\"left\">1. Abteilungsleiter Ski<\/td><td class=\"has-text-align-left\" data-align=\"left\">Martin Kindermann<\/td><td class=\"has-text-align-left\" data-align=\"left\"><a href=\"https:\/\/\">ski@sv-eberfing.de<\/a><\/td><\/tr><tr><td class=\"has-text-align-left\" data-align=\"left\">2. Abteilungsleiterin Ski<\/td><td class=\"has-text-align-left\" data-align=\"left\"><\/td><td class=\"has-text-align-left\" data-align=\"left\"><\/td><\/tr><tr><td class=\"has-text-align-left\" data-align=\"left\">1. Abteilungsleiter Eisstock<\/td><td class=\"has-text-align-left\" data-align=\"left\">Alex Siegmund<\/td><td class=\"has-text-align-left\" data-align=\"left\"><a href=\"https:\/\/\">eisstock@sv-eberfing.de<\/a><\/td><\/tr><tr><td class=\"has-text-align-left\" data-align=\"left\">2. Abteilungsleiter Eisstock<\/td><td class=\"has-text-align-left\" data-align=\"left\">Johann Plonner<\/td><td class=\"has-text-align-left\" data-align=\"left\"><\/td><\/tr><tr><td class=\"has-text-align-left\" data-align=\"left\">1. Abteilungsleiterin Leichtathletik<\/td><td class=\"has-text-align-left\" data-align=\"left\">Simone Schmidt<\/td><td class=\"has-text-align-left\" data-align=\"left\"><a href=\"https:\/\/\">leichtathletik@sv-eberfing.de<\/a><\/td><\/tr><tr><td class=\"has-text-align-left\" data-align=\"left\">2. Abteilungsleiterin Leichtathletik<\/td><td class=\"has-text-align-left\" data-align=\"left\">Gabi Adelwart<\/td><td class=\"has-text-align-left\" data-align=\"left\"><\/td><\/tr><tr><td class=\"has-text-align-left\" data-align=\"left\">Beisitzer<\/td><td class=\"has-text-align-left\" data-align=\"left\">Bernhard Spensberger<\/td><td class=\"has-text-align-left\" data-align=\"left\"><\/td><\/tr><tr><td class=\"has-text-align-left\" data-align=\"left\">Beisitzer<\/td><td class=\"has-text-align-left\" data-align=\"left\">Josef Mayr<\/td><td class=\"has-text-align-left\" data-align=\"left\"><\/td><\/tr><tr><td class=\"has-text-align-left\" data-align=\"left\">Beisitzer<\/td><td class=\"has-text-align-left\" data-align=\"left\">Valentin Kluge<\/td><td class=\"has-text-align-left\" data-align=\"left\"><\/td><\/tr><tr><td class=\"has-text-align-left\" data-align=\"left\">Kassenpr\u00fcfer<\/td><td class=\"has-text-align-left\" data-align=\"left\">Manfred Plonner<\/td><td class=\"has-text-align-left\" data-align=\"left\"><\/td><\/tr><tr><td class=\"has-text-align-left\" data-align=\"left\">Kassenpr\u00fcfer<\/td><td class=\"has-text-align-left\" data-align=\"left\">Richard Leis<\/td><td class=\"has-text-align-left\" data-align=\"left\"><\/td><\/tr><\/tbody><\/table><\/figure>\n<\/div>\n\n\n\n<p>Allgemeine Anfragen bitte an diese E-Mail Adresse schicken:<\/p>\n\n\n\n<p><a href=\"mailto:office@sv-eberfing.de\">info@sv-eberfing.de<\/a><\/p>\n","protected":false},"excerpt":{"rendered":"<p>1. Vorstand Thomas Dittmann vorstand@sv-eberfing.de 2. Vorstand Michael Wopperer 1. Schriftf\u00fchrer Franz Schwarz office@sv-eberfing.de 2. Schriftf\u00fchrer Michael Wei\u00df 1. Kassier<\/p>\n","protected":false},"author":9,"featured_media":0,"parent":0,"menu_order":0,"comment_status":"closed","ping_status":"closed","template":"","meta":{"colormag_page_container_layout":"no_sidebar_full_width","colormag_page_sidebar_layout":"right_sidebar","ngg_post_thumbnail":0,"footnotes":""},"class_list":["post-80","page","type-page","status-publish","hentry"],"publishpress_future_action":{"enabled":false,"date":"2026-05-06 15:29:00","action":"change-status","newStatus":"draft","terms":[],"taxonomy":"","extraData":[]},"publishpress_future_workflow_manual_trigger":{"enabledWorkflows":[]},"_links":{"self":[{"href":"https:\/\/sv-eberfing.de\/wordpress\/wp-json\/wp\/v2\/pages\/80","targetHints":{"allow":["GET"]}}],"collection":[{"href":"https:\/\/sv-eberfing.de\/wordpress\/wp-json\/wp\/v2\/pages"}],"about":[{"href":"https:\/\/sv-eberfing.de\/wordpress\/wp-json\/wp\/v2\/types\/page"}],"author":[{"embeddable":true,"href":"https:\/\/sv-eberfing.de\/wordpress\/wp-json\/wp\/v2\/users\/9"}],"replies":[{"embeddable":true,"href":"https:\/\/sv-eberfing.de\/wordpress\/wp-json\/wp\/v2\/comments?post=80"}],"version-history":[{"count":56,"href":"https:\/\/sv-eberfing.de\/wordpress\/wp-json\/wp\/v2\/pages\/80\/revisions"}],"predecessor-version":[{"id":2328,"href":"https:\/\/sv-eberfing.de\/wordpress\/wp-json\/wp\/v2\/pages\/80\/revisions\/2328"}],"wp:attachment":[{"href":"https:\/\/sv-eberfing.de\/wordpress\/wp-json\/wp\/v2\/media?parent=80"}],"curies":[{"name":"wp","href":"https:\/\/api.w.org\/{rel}","templated":true}]}}